{"id":663,"date":"2026-07-18T16:42:34","date_gmt":"2026-07-18T16:42:34","guid":{"rendered":"https:\/\/cdfilmfestival.com\/?page_id=663"},"modified":"2026-07-23T09:16:18","modified_gmt":"2026-07-23T09:16:18","slug":"short-films-selection","status":"publish","type":"page","link":"https:\/\/cdfilmfestival.com\/?page_id=663","title":{"rendered":"Short Film"},"content":{"rendered":"\n<div class=\"wp-block-media-text is-stacked-on-mobile\"><figure class=\"wp-block-media-text__media\"><img loading=\"lazy\" decoding=\"async\" width=\"563\" height=\"800\" src=\"https:\/\/cdfilmfestival.com\/wp-content\/uploads\/2026\/07\/01_SH_Along-Against-All_Poster.jpg\" alt=\"\" class=\"wp-image-1015 size-full\" srcset=\"https:\/\/cdfilmfestival.com\/wp-content\/uploads\/2026\/07\/01_SH_Along-Against-All_Poster.jpg 563w, https:\/\/cdfilmfestival.com\/wp-content\/uploads\/2026\/07\/01_SH_Along-Against-All_Poster-211x300.jpg 211w\" sizes=\"auto, (max-width: 563px) 100vw, 563px\" \/><\/figure><div class=\"wp-block-media-text__content\">\n<figure class=\"wp-block-embed is-type-wp-embed is-provider-colorado-diasporic-film-festival wp-block-embed-colorado-diasporic-film-festival\"><div class=\"wp-block-embed__wrapper\">\n<blockquote class=\"wp-embedded-content\" data-secret=\"8OxLvyINVJ\"><a href=\"https:\/\/cdfilmfestival.com\/?p=809\">Alone Against All<\/a><\/blockquote><iframe loading=\"lazy\" class=\"wp-embedded-content\" sandbox=\"allow-scripts\" security=\"restricted\" style=\"position: absolute; visibility: hidden;\" title=\"\u201cAlone Against All\u201d \u2014 Colorado Diasporic Film Festival\" src=\"https:\/\/cdfilmfestival.com\/?p=809&amp;embed=true#?secret=fPGYNqXmuj#?secret=8OxLvyINVJ\" data-secret=\"8OxLvyINVJ\" width=\"600\" height=\"338\" frameborder=\"0\" marginwidth=\"0\" marginheight=\"0\" scrolling=\"no\"><\/iframe>\n<\/div><\/figure>\n<\/div><\/div>\n\n\n\n<div class=\"wp-block-media-text is-stacked-on-mobile\"><figure class=\"wp-block-media-text__media\"><img loading=\"lazy\" decoding=\"async\" width=\"566\" height=\"800\" src=\"https:\/\/cdfilmfestival.com\/wp-content\/uploads\/2026\/07\/02_SH_Bernard-and-Rasha_Posterjpg.jpg\" alt=\"\" class=\"wp-image-1014 size-full\" srcset=\"https:\/\/cdfilmfestival.com\/wp-content\/uploads\/2026\/07\/02_SH_Bernard-and-Rasha_Posterjpg.jpg 566w, https:\/\/cdfilmfestival.com\/wp-content\/uploads\/2026\/07\/02_SH_Bernard-and-Rasha_Posterjpg-212x300.jpg 212w\" sizes=\"auto, (max-width: 566px) 100vw, 566px\" \/><\/figure><div class=\"wp-block-media-text__content\">\n<figure class=\"wp-block-embed is-type-wp-embed is-provider-colorado-diasporic-film-festival wp-block-embed-colorado-diasporic-film-festival\"><div class=\"wp-block-embed__wrapper\">\n<blockquote class=\"wp-embedded-content\" data-secret=\"woDDHRfEIH\"><a href=\"https:\/\/cdfilmfestival.com\/?p=821\">Bernard and Rashna: A Swiss-Indian Story<\/a><\/blockquote><iframe loading=\"lazy\" class=\"wp-embedded-content\" sandbox=\"allow-scripts\" security=\"restricted\" style=\"position: absolute; visibility: hidden;\" title=\"\u201cBernard and Rashna: A Swiss-Indian Story\u201d \u2014 Colorado Diasporic Film Festival\" src=\"https:\/\/cdfilmfestival.com\/?p=821&amp;embed=true#?secret=yzIHT5l0s8#?secret=woDDHRfEIH\" data-secret=\"woDDHRfEIH\" width=\"600\" height=\"338\" frameborder=\"0\" marginwidth=\"0\" marginheight=\"0\" scrolling=\"no\"><\/iframe>\n<\/div><\/figure>\n<\/div><\/div>\n\n\n\n<div class=\"wp-block-media-text is-stacked-on-mobile\"><figure class=\"wp-block-media-text__media\"><img loading=\"lazy\" decoding=\"async\" width=\"600\" height=\"800\" src=\"https:\/\/cdfilmfestival.com\/wp-content\/uploads\/2026\/07\/03_SH_Brujitas_Poster.jpg\" alt=\"\" class=\"wp-image-1013 size-full\" srcset=\"https:\/\/cdfilmfestival.com\/wp-content\/uploads\/2026\/07\/03_SH_Brujitas_Poster.jpg 600w, https:\/\/cdfilmfestival.com\/wp-content\/uploads\/2026\/07\/03_SH_Brujitas_Poster-225x300.jpg 225w\" sizes=\"auto, (max-width: 600px) 100vw, 600px\" \/><\/figure><div class=\"wp-block-media-text__content\">\n<figure class=\"wp-block-embed is-type-wp-embed is-provider-colorado-diasporic-film-festival wp-block-embed-colorado-diasporic-film-festival\"><div class=\"wp-block-embed__wrapper\">\n<blockquote class=\"wp-embedded-content\" data-secret=\"YLmIhONzo0\"><a href=\"https:\/\/cdfilmfestival.com\/?p=837\">BRUJITAS<\/a><\/blockquote><iframe loading=\"lazy\" class=\"wp-embedded-content\" sandbox=\"allow-scripts\" security=\"restricted\" style=\"position: absolute; visibility: hidden;\" title=\"\u201cBRUJITAS\u201d \u2014 Colorado Diasporic Film Festival\" src=\"https:\/\/cdfilmfestival.com\/?p=837&amp;embed=true#?secret=v2fqFGjdM1#?secret=YLmIhONzo0\" data-secret=\"YLmIhONzo0\" width=\"600\" height=\"338\" frameborder=\"0\" marginwidth=\"0\" marginheight=\"0\" scrolling=\"no\"><\/iframe>\n<\/div><\/figure>\n<\/div><\/div>\n\n\n\n<div class=\"wp-block-media-text is-stacked-on-mobile\"><figure class=\"wp-block-media-text__media\"><img loading=\"lazy\" decoding=\"async\" width=\"566\" height=\"800\" src=\"https:\/\/cdfilmfestival.com\/wp-content\/uploads\/2026\/07\/04_SH_Children-of-the-Dispora_Poster.jpg\" alt=\"\" class=\"wp-image-1012 size-full\" srcset=\"https:\/\/cdfilmfestival.com\/wp-content\/uploads\/2026\/07\/04_SH_Children-of-the-Dispora_Poster.jpg 566w, https:\/\/cdfilmfestival.com\/wp-content\/uploads\/2026\/07\/04_SH_Children-of-the-Dispora_Poster-212x300.jpg 212w\" sizes=\"auto, (max-width: 566px) 100vw, 566px\" \/><\/figure><div class=\"wp-block-media-text__content\">\n<figure class=\"wp-block-embed is-type-wp-embed is-provider-colorado-diasporic-film-festival wp-block-embed-colorado-diasporic-film-festival\"><div class=\"wp-block-embed__wrapper\">\n<blockquote class=\"wp-embedded-content\" data-secret=\"Y99sodb1F0\"><a href=\"https:\/\/cdfilmfestival.com\/?p=852\">Children of diaspora<\/a><\/blockquote><iframe loading=\"lazy\" class=\"wp-embedded-content\" sandbox=\"allow-scripts\" security=\"restricted\" style=\"position: absolute; visibility: hidden;\" title=\"\u201cChildren of diaspora\u201d \u2014 Colorado Diasporic Film Festival\" src=\"https:\/\/cdfilmfestival.com\/?p=852&amp;embed=true#?secret=yXUWelgCq2#?secret=Y99sodb1F0\" data-secret=\"Y99sodb1F0\" width=\"600\" height=\"338\" frameborder=\"0\" marginwidth=\"0\" marginheight=\"0\" scrolling=\"no\"><\/iframe>\n<\/div><\/figure>\n<\/div><\/div>\n\n\n\n<div class=\"wp-block-media-text is-stacked-on-mobile\"><figure class=\"wp-block-media-text__media\"><img loading=\"lazy\" decoding=\"async\" width=\"600\" height=\"800\" src=\"https:\/\/cdfilmfestival.com\/wp-content\/uploads\/2026\/07\/05_SH_Continuum_Poster.jpg\" alt=\"\" class=\"wp-image-1011 size-full\" srcset=\"https:\/\/cdfilmfestival.com\/wp-content\/uploads\/2026\/07\/05_SH_Continuum_Poster.jpg 600w, https:\/\/cdfilmfestival.com\/wp-content\/uploads\/2026\/07\/05_SH_Continuum_Poster-225x300.jpg 225w\" sizes=\"auto, (max-width: 600px) 100vw, 600px\" \/><\/figure><div class=\"wp-block-media-text__content\">\n<figure class=\"wp-block-embed is-type-wp-embed is-provider-colorado-diasporic-film-festival wp-block-embed-colorado-diasporic-film-festival\"><div class=\"wp-block-embed__wrapper\">\n<blockquote class=\"wp-embedded-content\" data-secret=\"4I7BjI7Xhx\"><a href=\"https:\/\/cdfilmfestival.com\/?p=866\">Continuum<\/a><\/blockquote><iframe loading=\"lazy\" class=\"wp-embedded-content\" sandbox=\"allow-scripts\" security=\"restricted\" style=\"position: absolute; visibility: hidden;\" title=\"\u201cContinuum\u201d \u2014 Colorado Diasporic Film Festival\" src=\"https:\/\/cdfilmfestival.com\/?p=866&amp;embed=true#?secret=SIO3kICPr2#?secret=4I7BjI7Xhx\" data-secret=\"4I7BjI7Xhx\" width=\"600\" height=\"338\" frameborder=\"0\" marginwidth=\"0\" marginheight=\"0\" scrolling=\"no\"><\/iframe>\n<\/div><\/figure>\n<\/div><\/div>\n\n\n\n<div class=\"wp-block-media-text is-stacked-on-mobile\"><figure class=\"wp-block-media-text__media\"><img loading=\"lazy\" decoding=\"async\" width=\"534\" height=\"800\" src=\"https:\/\/cdfilmfestival.com\/wp-content\/uploads\/2026\/07\/06_SH_Dead-Serious_Posterjpg.jpg\" alt=\"\" class=\"wp-image-1010 size-full\" srcset=\"https:\/\/cdfilmfestival.com\/wp-content\/uploads\/2026\/07\/06_SH_Dead-Serious_Posterjpg.jpg 534w, https:\/\/cdfilmfestival.com\/wp-content\/uploads\/2026\/07\/06_SH_Dead-Serious_Posterjpg-200x300.jpg 200w\" sizes=\"auto, (max-width: 534px) 100vw, 534px\" \/><\/figure><div class=\"wp-block-media-text__content\">\n<figure class=\"wp-block-embed is-type-wp-embed is-provider-colorado-diasporic-film-festival wp-block-embed-colorado-diasporic-film-festival\"><div class=\"wp-block-embed__wrapper\">\n<blockquote class=\"wp-embedded-content\" data-secret=\"2EIXZrAayf\"><a href=\"https:\/\/cdfilmfestival.com\/?p=881\">Dead Serious<\/a><\/blockquote><iframe loading=\"lazy\" class=\"wp-embedded-content\" sandbox=\"allow-scripts\" security=\"restricted\" style=\"position: absolute; visibility: hidden;\" title=\"\u201cDead Serious\u201d \u2014 Colorado Diasporic Film Festival\" src=\"https:\/\/cdfilmfestival.com\/?p=881&amp;embed=true#?secret=O1rk5etmq3#?secret=2EIXZrAayf\" data-secret=\"2EIXZrAayf\" width=\"600\" height=\"338\" frameborder=\"0\" marginwidth=\"0\" marginheight=\"0\" scrolling=\"no\"><\/iframe>\n<\/div><\/figure>\n<\/div><\/div>\n\n\n\n<div class=\"wp-block-media-text is-stacked-on-mobile\"><figure class=\"wp-block-media-text__media\"><img loading=\"lazy\" decoding=\"async\" width=\"533\" height=\"800\" src=\"https:\/\/cdfilmfestival.com\/wp-content\/uploads\/2026\/07\/07_SH_End-of-Things_Poster.jpg\" alt=\"\" class=\"wp-image-1009 size-full\" srcset=\"https:\/\/cdfilmfestival.com\/wp-content\/uploads\/2026\/07\/07_SH_End-of-Things_Poster.jpg 533w, https:\/\/cdfilmfestival.com\/wp-content\/uploads\/2026\/07\/07_SH_End-of-Things_Poster-200x300.jpg 200w\" sizes=\"auto, (max-width: 533px) 100vw, 533px\" \/><\/figure><div class=\"wp-block-media-text__content\">\n<figure class=\"wp-block-embed is-type-wp-embed is-provider-colorado-diasporic-film-festival wp-block-embed-colorado-diasporic-film-festival\"><div class=\"wp-block-embed__wrapper\">\n<blockquote class=\"wp-embedded-content\" data-secret=\"5n69SqKF4s\"><a href=\"https:\/\/cdfilmfestival.com\/?p=893\">End of Things<\/a><\/blockquote><iframe loading=\"lazy\" class=\"wp-embedded-content\" sandbox=\"allow-scripts\" security=\"restricted\" style=\"position: absolute; visibility: hidden;\" title=\"\u201cEnd of Things\u201d \u2014 Colorado Diasporic Film Festival\" src=\"https:\/\/cdfilmfestival.com\/?p=893&amp;embed=true#?secret=b1ArbPQ9Aw#?secret=5n69SqKF4s\" data-secret=\"5n69SqKF4s\" width=\"600\" height=\"338\" frameborder=\"0\" marginwidth=\"0\" marginheight=\"0\" scrolling=\"no\"><\/iframe>\n<\/div><\/figure>\n<\/div><\/div>\n\n\n\n<div class=\"wp-block-media-text is-stacked-on-mobile\"><figure class=\"wp-block-media-text__media\"><img loading=\"lazy\" decoding=\"async\" width=\"566\" height=\"800\" src=\"https:\/\/cdfilmfestival.com\/wp-content\/uploads\/2026\/07\/08_SH_Greenhouse_Poster-1.jpg\" alt=\"\" class=\"wp-image-1008 size-full\" srcset=\"https:\/\/cdfilmfestival.com\/wp-content\/uploads\/2026\/07\/08_SH_Greenhouse_Poster-1.jpg 566w, https:\/\/cdfilmfestival.com\/wp-content\/uploads\/2026\/07\/08_SH_Greenhouse_Poster-1-212x300.jpg 212w\" sizes=\"auto, (max-width: 566px) 100vw, 566px\" \/><\/figure><div class=\"wp-block-media-text__content\">\n<figure class=\"wp-block-embed is-type-wp-embed is-provider-colorado-diasporic-film-festival wp-block-embed-colorado-diasporic-film-festival\"><div class=\"wp-block-embed__wrapper\">\n<blockquote class=\"wp-embedded-content\" data-secret=\"lKwKVHPCS3\"><a href=\"https:\/\/cdfilmfestival.com\/?p=907\">Greenhouse<\/a><\/blockquote><iframe loading=\"lazy\" class=\"wp-embedded-content\" sandbox=\"allow-scripts\" security=\"restricted\" style=\"position: absolute; visibility: hidden;\" title=\"\u201cGreenhouse\u201d \u2014 Colorado Diasporic Film Festival\" src=\"https:\/\/cdfilmfestival.com\/?p=907&amp;embed=true#?secret=XtyAcheuFt#?secret=lKwKVHPCS3\" data-secret=\"lKwKVHPCS3\" width=\"600\" height=\"338\" frameborder=\"0\" marginwidth=\"0\" marginheight=\"0\" scrolling=\"no\"><\/iframe>\n<\/div><\/figure>\n<\/div><\/div>\n\n\n\n<div class=\"wp-block-media-text is-stacked-on-mobile\"><figure class=\"wp-block-media-text__media\"><img loading=\"lazy\" decoding=\"async\" width=\"600\" height=\"800\" src=\"https:\/\/cdfilmfestival.com\/wp-content\/uploads\/2026\/07\/09_SH_HWYF_Poster.jpg\" alt=\"\" class=\"wp-image-1007 size-full\" srcset=\"https:\/\/cdfilmfestival.com\/wp-content\/uploads\/2026\/07\/09_SH_HWYF_Poster.jpg 600w, https:\/\/cdfilmfestival.com\/wp-content\/uploads\/2026\/07\/09_SH_HWYF_Poster-225x300.jpg 225w\" sizes=\"auto, (max-width: 600px) 100vw, 600px\" \/><\/figure><div class=\"wp-block-media-text__content\">\n<figure class=\"wp-block-embed is-type-wp-embed is-provider-colorado-diasporic-film-festival wp-block-embed-colorado-diasporic-film-festival\"><div class=\"wp-block-embed__wrapper\">\n<blockquote class=\"wp-embedded-content\" data-secret=\"ugwkzr4liT\"><a href=\"https:\/\/cdfilmfestival.com\/?p=922\">Hating What You Find<\/a><\/blockquote><iframe loading=\"lazy\" class=\"wp-embedded-content\" sandbox=\"allow-scripts\" security=\"restricted\" style=\"position: absolute; visibility: hidden;\" title=\"\u201cHating What You Find\u201d \u2014 Colorado Diasporic Film Festival\" src=\"https:\/\/cdfilmfestival.com\/?p=922&amp;embed=true#?secret=HRppuUBLiV#?secret=ugwkzr4liT\" data-secret=\"ugwkzr4liT\" width=\"600\" height=\"338\" frameborder=\"0\" marginwidth=\"0\" marginheight=\"0\" scrolling=\"no\"><\/iframe>\n<\/div><\/figure>\n<\/div><\/div>\n\n\n\n<div class=\"wp-block-media-text is-stacked-on-mobile\"><figure class=\"wp-block-media-text__media\"><img loading=\"lazy\" decoding=\"async\" width=\"602\" height=\"800\" src=\"https:\/\/cdfilmfestival.com\/wp-content\/uploads\/2026\/07\/10_SH_Hybrid_Poster.jpg\" alt=\"\" class=\"wp-image-1006 size-full\" srcset=\"https:\/\/cdfilmfestival.com\/wp-content\/uploads\/2026\/07\/10_SH_Hybrid_Poster.jpg 602w, https:\/\/cdfilmfestival.com\/wp-content\/uploads\/2026\/07\/10_SH_Hybrid_Poster-226x300.jpg 226w\" sizes=\"auto, (max-width: 602px) 100vw, 602px\" \/><\/figure><div class=\"wp-block-media-text__content\">\n<figure class=\"wp-block-embed is-type-wp-embed is-provider-colorado-diasporic-film-festival wp-block-embed-colorado-diasporic-film-festival\"><div class=\"wp-block-embed__wrapper\">\n<blockquote class=\"wp-embedded-content\" data-secret=\"lTjY9WVE14\"><a href=\"https:\/\/cdfilmfestival.com\/?p=935\">Hybrid<\/a><\/blockquote><iframe loading=\"lazy\" class=\"wp-embedded-content\" sandbox=\"allow-scripts\" security=\"restricted\" style=\"position: absolute; visibility: hidden;\" title=\"\u201cHybrid\u201d \u2014 Colorado Diasporic Film Festival\" src=\"https:\/\/cdfilmfestival.com\/?p=935&amp;embed=true#?secret=d7fTEuooZH#?secret=lTjY9WVE14\" data-secret=\"lTjY9WVE14\" width=\"600\" height=\"338\" frameborder=\"0\" marginwidth=\"0\" marginheight=\"0\" scrolling=\"no\"><\/iframe>\n<\/div><\/figure>\n<\/div><\/div>\n\n\n\n<div class=\"wp-block-media-text is-stacked-on-mobile\"><figure class=\"wp-block-media-text__media\"><img loading=\"lazy\" decoding=\"async\" width=\"533\" height=\"800\" src=\"https:\/\/cdfilmfestival.com\/wp-content\/uploads\/2026\/07\/11_SH_On-Hold_Poster.jpg\" alt=\"\" class=\"wp-image-1005 size-full\" srcset=\"https:\/\/cdfilmfestival.com\/wp-content\/uploads\/2026\/07\/11_SH_On-Hold_Poster.jpg 533w, https:\/\/cdfilmfestival.com\/wp-content\/uploads\/2026\/07\/11_SH_On-Hold_Poster-200x300.jpg 200w\" sizes=\"auto, (max-width: 533px) 100vw, 533px\" \/><\/figure><div class=\"wp-block-media-text__content\">\n<figure class=\"wp-block-embed is-type-wp-embed is-provider-colorado-diasporic-film-festival wp-block-embed-colorado-diasporic-film-festival\"><div class=\"wp-block-embed__wrapper\">\n<blockquote class=\"wp-embedded-content\" data-secret=\"42x9a84jot\"><a href=\"https:\/\/cdfilmfestival.com\/?p=947\">On Hold<\/a><\/blockquote><iframe loading=\"lazy\" class=\"wp-embedded-content\" sandbox=\"allow-scripts\" security=\"restricted\" style=\"position: absolute; visibility: hidden;\" title=\"\u201cOn Hold\u201d \u2014 Colorado Diasporic Film Festival\" src=\"https:\/\/cdfilmfestival.com\/?p=947&amp;embed=true#?secret=8mODnm6XEd#?secret=42x9a84jot\" data-secret=\"42x9a84jot\" width=\"600\" height=\"338\" frameborder=\"0\" marginwidth=\"0\" marginheight=\"0\" scrolling=\"no\"><\/iframe>\n<\/div><\/figure>\n<\/div><\/div>\n\n\n\n<div class=\"wp-block-media-text is-stacked-on-mobile\"><figure class=\"wp-block-media-text__media\"><img loading=\"lazy\" decoding=\"async\" width=\"768\" height=\"1024\" src=\"https:\/\/cdfilmfestival.com\/wp-content\/uploads\/2026\/07\/13_SH_The-Ballad-of-the-Radio_Poster-768x1024.png\" alt=\"\" class=\"wp-image-1004 size-full\" srcset=\"https:\/\/cdfilmfestival.com\/wp-content\/uploads\/2026\/07\/13_SH_The-Ballad-of-the-Radio_Poster-768x1024.png 768w, https:\/\/cdfilmfestival.com\/wp-content\/uploads\/2026\/07\/13_SH_The-Ballad-of-the-Radio_Poster-225x300.png 225w, https:\/\/cdfilmfestival.com\/wp-content\/uploads\/2026\/07\/13_SH_The-Ballad-of-the-Radio_Poster-1152x1536.png 1152w, https:\/\/cdfilmfestival.com\/wp-content\/uploads\/2026\/07\/13_SH_The-Ballad-of-the-Radio_Poster-1536x2048.png 1536w, https:\/\/cdfilmfestival.com\/wp-content\/uploads\/2026\/07\/13_SH_The-Ballad-of-the-Radio_Poster.png 1728w\" sizes=\"auto, (max-width: 768px) 100vw, 768px\" \/><\/figure><div class=\"wp-block-media-text__content\">\n<figure class=\"wp-block-embed is-type-wp-embed is-provider-colorado-diasporic-film-festival wp-block-embed-colorado-diasporic-film-festival\"><div class=\"wp-block-embed__wrapper\">\n<blockquote class=\"wp-embedded-content\" data-secret=\"GlZXe8wfR4\"><a href=\"https:\/\/cdfilmfestival.com\/?p=960\">the ballad of the radio<\/a><\/blockquote><iframe loading=\"lazy\" class=\"wp-embedded-content\" sandbox=\"allow-scripts\" security=\"restricted\" style=\"position: absolute; visibility: hidden;\" title=\"\u201cthe ballad of the radio\u201d \u2014 Colorado Diasporic Film Festival\" src=\"https:\/\/cdfilmfestival.com\/?p=960&amp;embed=true#?secret=Mog1yRnb8l#?secret=GlZXe8wfR4\" data-secret=\"GlZXe8wfR4\" width=\"600\" height=\"338\" frameborder=\"0\" marginwidth=\"0\" marginheight=\"0\" scrolling=\"no\"><\/iframe>\n<\/div><\/figure>\n<\/div><\/div>\n\n\n\n<div class=\"wp-block-media-text is-stacked-on-mobile\"><figure class=\"wp-block-media-text__media\"><img loading=\"lazy\" decoding=\"async\" width=\"602\" height=\"800\" src=\"https:\/\/cdfilmfestival.com\/wp-content\/uploads\/2026\/07\/14_SH_The-Giving-Trees_Poster.jpg\" alt=\"\" class=\"wp-image-966 size-full\" srcset=\"https:\/\/cdfilmfestival.com\/wp-content\/uploads\/2026\/07\/14_SH_The-Giving-Trees_Poster.jpg 602w, https:\/\/cdfilmfestival.com\/wp-content\/uploads\/2026\/07\/14_SH_The-Giving-Trees_Poster-226x300.jpg 226w\" sizes=\"auto, (max-width: 602px) 100vw, 602px\" \/><\/figure><div class=\"wp-block-media-text__content\">\n<figure class=\"wp-block-embed is-type-wp-embed is-provider-colorado-diasporic-film-festival wp-block-embed-colorado-diasporic-film-festival\"><div class=\"wp-block-embed__wrapper\">\n<blockquote class=\"wp-embedded-content\" data-secret=\"m2K1hW56rI\"><a href=\"https:\/\/cdfilmfestival.com\/?p=965\">The Giving Trees<\/a><\/blockquote><iframe loading=\"lazy\" class=\"wp-embedded-content\" sandbox=\"allow-scripts\" security=\"restricted\" style=\"position: absolute; visibility: hidden;\" title=\"\u201cThe Giving Trees\u201d \u2014 Colorado Diasporic Film Festival\" src=\"https:\/\/cdfilmfestival.com\/?p=965&amp;embed=true#?secret=GjRBdw0Ua1#?secret=m2K1hW56rI\" data-secret=\"m2K1hW56rI\" width=\"600\" height=\"338\" frameborder=\"0\" marginwidth=\"0\" marginheight=\"0\" scrolling=\"no\"><\/iframe>\n<\/div><\/figure>\n<\/div><\/div>\n\n\n\n<div class=\"wp-block-group\"><div class=\"wp-block-group__inner-container is-layout-constrained wp-block-group-is-layout-constrained\">\n<div class=\"wp-block-media-text is-stacked-on-mobile\"><figure class=\"wp-block-media-text__media\"><img loading=\"lazy\" decoding=\"async\" width=\"566\" height=\"800\" src=\"https:\/\/cdfilmfestival.com\/wp-content\/uploads\/2026\/07\/14_SH_The-Precious-Stone_Poster_FR.jpg\" alt=\"\" class=\"wp-image-1002 size-full\" srcset=\"https:\/\/cdfilmfestival.com\/wp-content\/uploads\/2026\/07\/14_SH_The-Precious-Stone_Poster_FR.jpg 566w, https:\/\/cdfilmfestival.com\/wp-content\/uploads\/2026\/07\/14_SH_The-Precious-Stone_Poster_FR-212x300.jpg 212w\" sizes=\"auto, (max-width: 566px) 100vw, 566px\" \/><\/figure><div class=\"wp-block-media-text__content\">\n<figure class=\"wp-block-embed is-type-wp-embed is-provider-colorado-diasporic-film-festival wp-block-embed-colorado-diasporic-film-festival\"><div class=\"wp-block-embed__wrapper\">\n<blockquote class=\"wp-embedded-content\" data-secret=\"1h3OKaKgeg\"><a href=\"https:\/\/cdfilmfestival.com\/?p=968\">the precious stone<\/a><\/blockquote><iframe loading=\"lazy\" class=\"wp-embedded-content\" sandbox=\"allow-scripts\" security=\"restricted\" style=\"position: absolute; visibility: hidden;\" title=\"\u201cthe precious stone\u201d \u2014 Colorado Diasporic Film Festival\" src=\"https:\/\/cdfilmfestival.com\/?p=968&amp;embed=true#?secret=96zJy17lbL#?secret=1h3OKaKgeg\" data-secret=\"1h3OKaKgeg\" width=\"600\" height=\"338\" frameborder=\"0\" marginwidth=\"0\" marginheight=\"0\" scrolling=\"no\"><\/iframe>\n<\/div><\/figure>\n<\/div><\/div>\n<\/div><\/div>\n\n\n\n<div class=\"wp-block-media-text is-stacked-on-mobile\"><figure class=\"wp-block-media-text__media\"><img loading=\"lazy\" decoding=\"async\" width=\"566\" height=\"800\" src=\"https:\/\/cdfilmfestival.com\/wp-content\/uploads\/2026\/07\/15_SH_Tiny-Stars-On-a-Full-Moon-Night_Poster.jpg\" alt=\"\" class=\"wp-image-1001 size-full\" srcset=\"https:\/\/cdfilmfestival.com\/wp-content\/uploads\/2026\/07\/15_SH_Tiny-Stars-On-a-Full-Moon-Night_Poster.jpg 566w, https:\/\/cdfilmfestival.com\/wp-content\/uploads\/2026\/07\/15_SH_Tiny-Stars-On-a-Full-Moon-Night_Poster-212x300.jpg 212w\" sizes=\"auto, (max-width: 566px) 100vw, 566px\" \/><\/figure><div class=\"wp-block-media-text__content\">\n<figure class=\"wp-block-embed is-type-wp-embed is-provider-colorado-diasporic-film-festival wp-block-embed-colorado-diasporic-film-festival\"><div class=\"wp-block-embed__wrapper\">\n<blockquote class=\"wp-embedded-content\" data-secret=\"aD0SlLpacS\"><a href=\"https:\/\/cdfilmfestival.com\/?p=975\">Tiny Stars On a Full Moon Night<\/a><\/blockquote><iframe loading=\"lazy\" class=\"wp-embedded-content\" sandbox=\"allow-scripts\" security=\"restricted\" style=\"position: absolute; visibility: hidden;\" title=\"\u201cTiny Stars On a Full Moon Night\u201d \u2014 Colorado Diasporic Film Festival\" src=\"https:\/\/cdfilmfestival.com\/?p=975&amp;embed=true#?secret=qhavnJJVNq#?secret=aD0SlLpacS\" data-secret=\"aD0SlLpacS\" width=\"600\" height=\"338\" frameborder=\"0\" marginwidth=\"0\" marginheight=\"0\" scrolling=\"no\"><\/iframe>\n<\/div><\/figure>\n<\/div><\/div>\n\n\n\n<div class=\"wp-block-media-text is-stacked-on-mobile\"><figure class=\"wp-block-media-text__media\"><img loading=\"lazy\" decoding=\"async\" width=\"600\" height=\"800\" src=\"https:\/\/cdfilmfestival.com\/wp-content\/uploads\/2026\/07\/16_SH_Omenala_Poster.jpg\" alt=\"\" class=\"wp-image-1000 size-full\" srcset=\"https:\/\/cdfilmfestival.com\/wp-content\/uploads\/2026\/07\/16_SH_Omenala_Poster.jpg 600w, https:\/\/cdfilmfestival.com\/wp-content\/uploads\/2026\/07\/16_SH_Omenala_Poster-225x300.jpg 225w\" sizes=\"auto, (max-width: 600px) 100vw, 600px\" \/><\/figure><div class=\"wp-block-media-text__content\">\n<figure class=\"wp-block-embed is-type-wp-embed is-provider-colorado-diasporic-film-festival wp-block-embed-colorado-diasporic-film-festival\"><div class=\"wp-block-embed__wrapper\">\n<blockquote class=\"wp-embedded-content\" data-secret=\"i9CBfCmCN6\"><a href=\"https:\/\/cdfilmfestival.com\/?p=981\">\u00d3m\u00e9n\u00e0l\u00e0<\/a><\/blockquote><iframe loading=\"lazy\" class=\"wp-embedded-content\" sandbox=\"allow-scripts\" security=\"restricted\" style=\"position: absolute; visibility: hidden;\" title=\"\u201c\u00d3m\u00e9n\u00e0l\u00e0\u201d \u2014 Colorado Diasporic Film Festival\" src=\"https:\/\/cdfilmfestival.com\/?p=981&amp;embed=true#?secret=AYfKgCTvul#?secret=i9CBfCmCN6\" data-secret=\"i9CBfCmCN6\" width=\"600\" height=\"338\" frameborder=\"0\" marginwidth=\"0\" marginheight=\"0\" scrolling=\"no\"><\/iframe>\n<\/div><\/figure>\n<\/div><\/div>\n\n\n\n<p class=\"wp-block-paragraph\"><\/p>\n","protected":false},"excerpt":{"rendered":"","protected":false},"author":4,"featured_media":0,"parent":0,"menu_order":0,"comment_status":"closed","ping_status":"closed","template":"","meta":{"footnotes":""},"class_list":["post-663","page","type-page","status-publish","hentry"],"_hostinger_reach_plugin_has_subscription_block":false,"_hostinger_reach_plugin_is_elementor":false,"_links":{"self":[{"href":"https:\/\/cdfilmfestival.com\/index.php?rest_route=\/wp\/v2\/pages\/663","targetHints":{"allow":["GET"]}}],"collection":[{"href":"https:\/\/cdfilmfestival.com\/index.php?rest_route=\/wp\/v2\/pages"}],"about":[{"href":"https:\/\/cdfilmfestival.com\/index.php?rest_route=\/wp\/v2\/types\/page"}],"author":[{"embeddable":true,"href":"https:\/\/cdfilmfestival.com\/index.php?rest_route=\/wp\/v2\/users\/4"}],"replies":[{"embeddable":true,"href":"https:\/\/cdfilmfestival.com\/index.php?rest_route=%2Fwp%2Fv2%2Fcomments&post=663"}],"version-history":[{"count":5,"href":"https:\/\/cdfilmfestival.com\/index.php?rest_route=\/wp\/v2\/pages\/663\/revisions"}],"predecessor-version":[{"id":1336,"href":"https:\/\/cdfilmfestival.com\/index.php?rest_route=\/wp\/v2\/pages\/663\/revisions\/1336"}],"wp:attachment":[{"href":"https:\/\/cdfilmfestival.com\/index.php?rest_route=%2Fwp%2Fv2%2Fmedia&parent=663"}],"curies":[{"name":"wp","href":"https:\/\/api.w.org\/{rel}","templated":true}]}}